{"id":278304,"date":"2023-06-16T10:37:53","date_gmt":"2023-06-16T10:37:53","guid":{"rendered":"https:\/\/daikinshop.mk\/al\/?page_id=278304"},"modified":"2023-07-01T08:39:43","modified_gmt":"2023-07-01T08:39:43","slug":"etika-korporative","status":"publish","type":"page","link":"https:\/\/daikinshop.mk\/al\/etika-korporative\/","title":{"rendered":"Etika Korporative"},"content":{"rendered":"<p>[et_pb_section fb_built=&#8221;1&#8243; _builder_version=&#8221;4.21.0&#8243; _module_preset=&#8221;default&#8221; custom_padding=&#8221;1px|||||&#8221; da_disable_devices=&#8221;off|off|off&#8221; locked=&#8221;off&#8221; global_colors_info=&#8221;{}&#8221; da_is_popup=&#8221;off&#8221; da_exit_intent=&#8221;off&#8221; da_has_close=&#8221;on&#8221; da_alt_close=&#8221;off&#8221; da_dark_close=&#8221;off&#8221; da_not_modal=&#8221;on&#8221; da_is_singular=&#8221;off&#8221; da_with_loader=&#8221;off&#8221; da_has_shadow=&#8221;on&#8221;][et_pb_row _builder_version=&#8221;4.21.0&#8243; _module_preset=&#8221;default&#8221; width=&#8221;100%&#8221; max_width=&#8221;2560px&#8221; custom_padding=&#8221;0px||0px||false|false&#8221; locked=&#8221;off&#8221; global_colors_info=&#8221;{}&#8221;][et_pb_column type=&#8221;4_4&#8243; _builder_version=&#8221;4.21.0&#8243; _module_preset=&#8221;default&#8221; global_colors_info=&#8221;{}&#8221;][et_pb_image src=&#8221;https:\/\/daikinshop.mk\/al\/wp-content\/uploads\/2023\/06\/banner-air-purifiers.png&#8221; title_text=&#8221;banner air purifiers&#8221; _builder_version=&#8221;4.21.0&#8243; _module_preset=&#8221;default&#8221; hover_enabled=&#8221;0&#8243; global_colors_info=&#8221;{}&#8221; sticky_enabled=&#8221;0&#8243;][\/et_pb_image][\/et_pb_column][\/et_pb_row][et_pb_row _builder_version=&#8221;4.21.0&#8243; _module_preset=&#8221;default&#8221; global_colors_info=&#8221;{}&#8221;][et_pb_column type=&#8221;4_4&#8243; _builder_version=&#8221;4.21.0&#8243; _module_preset=&#8221;default&#8221; global_colors_info=&#8221;{}&#8221;][et_pb_text _builder_version=&#8221;4.21.0&#8243; _module_preset=&#8221;default&#8221; header_2_text_align=&#8221;center&#8221; header_2_text_color=&#8221;#0C71C3&#8243; header_2_font_size=&#8221;42px&#8221; custom_padding=&#8221;41px|||||&#8221; hover_enabled=&#8221;0&#8243; locked=&#8221;off&#8221; global_colors_info=&#8221;{}&#8221; sticky_enabled=&#8221;0&#8243;]<\/p>\n<h2>ETIKA KORPORATIVE E GRUPIT DAIKIN EUROPE<\/h2>\n<p>[\/et_pb_text][\/et_pb_column][\/et_pb_row][et_pb_row _builder_version=&#8221;4.21.0&#8243; _module_preset=&#8221;default&#8221; global_colors_info=&#8221;{}&#8221;][et_pb_column type=&#8221;4_4&#8243; _builder_version=&#8221;4.21.0&#8243; _module_preset=&#8221;default&#8221; global_colors_info=&#8221;{}&#8221;][et_pb_text _builder_version=&#8221;4.21.0&#8243; _module_preset=&#8221;default&#8221; hover_enabled=&#8221;0&#8243; global_colors_info=&#8221;{}&#8221; sticky_enabled=&#8221;0&#8243;]<\/p>\n<p>\u201cEtika Korporative e Daikin\u201d jan\u00eb nj\u00eb shprehje e vlerave themelore dhe p\u00ebrb\u00ebjn\u00eb nj\u00eb kuad\u00ebr p\u00ebr vendimmarrje. \u00cbsht\u00eb p\u00ebrgjegj\u00ebsia personale dhe detyrimi i \u00e7do an\u00ebtari t\u00eb Grupit t\u00eb Daikin Europe t\u00eb respektoj\u00eb standardet e larta etike dhe ligjore t\u00eb sjelljes t\u00eb shkruara ose t\u00eb pashkruara, qoft\u00eb kur detyrohen ose jo nga ligji.<\/p>\n<p>K\u00ebto jan\u00eb 12 elementet ky\u00e7e t\u00eb Etik\u00ebs Korporative t\u00eb Daikin:<\/p>\n<ol>\n<li>Sigurimi i pajtueshm\u00ebris\u00eb ligjore<\/li>\n<li>Ofrimi i produkteve dhe sh\u00ebrbimeve t\u00eb sigurta dhe me cil\u00ebsi t\u00eb lart\u00eb q\u00eb parashikojn\u00eb nevojat e ardhshme t\u00eb p\u00ebrdoruesve<\/li>\n<li>Zhvillimi i operacioneve t\u00eb biznesit bazuar n\u00eb parimet e konkurrenc\u00ebs s\u00eb ndershme<\/li>\n<li>Praktikimi i prokurimeve t\u00eb ndershme duke ruajtur marr\u00ebdh\u00ebnie miq\u00ebsore, por sfiduese, me furnitor\u00ebt<\/li>\n<li>Respektimi i pron\u00ebsis\u00eb intelektuale dhe i konfidencialitetit t\u00eb informacionit me t\u00eb drejta autori<\/li>\n<li>Zbulimi n\u00eb koh\u00eb dhe i p\u00ebrshtatsh\u00ebm i informacionit korporativ<\/li>\n<li>Qenia nj\u00eb kompani q\u00eb synon t\u00eb ket\u00eb ndikim mjedisor minimal<\/li>\n<li>Garantimi i siguris\u00eb s\u00eb operacioneve tona<\/li>\n<li>Kultivimi i nj\u00eb vendi pune dinamik q\u00eb nxit krenarin\u00eb dhe entuziazmin te \u00e7do punonj\u00ebs<\/li>\n<li>Mbrojtja e aseteve t\u00eb korporat\u00ebs<\/li>\n<li>Praktikimi i moderimit n\u00eb arg\u00ebtim dhe shk\u00ebmbime dhuratash<\/li>\n<\/ol>\n<p><strong>Ruajtja e nj\u00eb sjelljeje t\u00eb fort\u00eb ndaj sjelljes s\u00eb paligjshme, antisocial dhe joetike.<\/strong><\/p>\n<p>Raportimi i mospajtueshm\u00ebris\u00eb p\u00ebrmes whistleblower \/ hotline<br \/>Faleminderit p\u00ebr interesin tuaj n\u00eb programin e etik\u00ebs dhe pajtueshm\u00ebris\u00eb s\u00eb Daikin Europe. Komentet tuaja jan\u00eb t\u00eb r\u00ebnd\u00ebsishme dhe ne b\u00ebjm\u00eb maksimumin p\u00ebr t\u2019iu p\u00ebrgjigjur pyetjeve tuaja n\u00eb koh\u00eb. Ne jemi t\u00eb angazhuar t\u00eb ofrojm\u00eb nj\u00eb mjedis t\u00eb hapur dhe t\u00eb ndersh\u00ebm n\u00eb t\u00eb cilin t\u00eb gjitha grupet e interesit kan\u00eb mund\u00ebsin\u00eb t\u00eb shprehin shqet\u00ebsimet, pyetjet apo shkeljet e mundshme n\u00eb lidhje me praktikat tona t\u00eb biznesit.<\/p>\n<p>Ne ju inkurajojm\u00eb t\u00eb jepni informacionin tuaj personal n\u00eb formularin e m\u00ebposht\u00ebm t\u00eb uebit; por, ju mund t\u00eb d\u00ebrgoni nj\u00eb koment anonim duke p\u00ebrdorur nj\u00eb pseudonim dhe nj\u00eb llogari emaili n\u00eb ueb t\u00eb krijuar posa\u00e7\u00ebrisht p\u00ebr k\u00ebt\u00eb q\u00ebllim.<\/p>\n<p>Corine Vyncke<br \/>Drejtoresh\u00eb e Departamentit Ligjor<br \/>Daikin Europe N.V.<\/p>\n<p>&nbsp;<\/p>\n<p>[\/et_pb_text][\/et_pb_column][\/et_pb_row][\/et_pb_section]<\/p>\n","protected":false},"excerpt":{"rendered":"<p>ETIKA KORPORATIVE E GRUPIT DAIKIN EUROPE\u201cEtika Korporative e Daikin\u201d jan\u00eb nj\u00eb shprehje e vlerave themelore dhe p\u00ebrb\u00ebjn\u00eb nj\u00eb kuad\u00ebr p\u00ebr vendimmarrje. \u00cbsht\u00eb p\u00ebrgjegj\u00ebsia personale dhe detyrimi i \u00e7do an\u00ebtari t\u00eb Grupit t\u00eb Daikin Europe t\u00eb respektoj\u00eb standardet e larta etike dhe ligjore t\u00eb sjelljes t\u00eb shkruara ose t\u00eb pashkruara, qoft\u00eb kur detyrohen ose jo nga [&hellip;]<\/p>\n","protected":false},"author":1,"featured_media":0,"parent":0,"menu_order":0,"comment_status":"closed","ping_status":"closed","template":"","meta":{"_et_pb_use_builder":"on","_et_pb_old_content":"","_et_gb_content_width":"","inline_featured_image":false,"footnotes":""},"class_list":["post-278304","page","type-page","status-publish","hentry"],"jetpack_sharing_enabled":true,"_links":{"self":[{"href":"https:\/\/daikinshop.mk\/al\/wp-json\/wp\/v2\/pages\/278304","targetHints":{"allow":["GET"]}}],"collection":[{"href":"https:\/\/daikinshop.mk\/al\/wp-json\/wp\/v2\/pages"}],"about":[{"href":"https:\/\/daikinshop.mk\/al\/wp-json\/wp\/v2\/types\/page"}],"author":[{"embeddable":true,"href":"https:\/\/daikinshop.mk\/al\/wp-json\/wp\/v2\/users\/1"}],"replies":[{"embeddable":true,"href":"https:\/\/daikinshop.mk\/al\/wp-json\/wp\/v2\/comments?post=278304"}],"version-history":[{"count":5,"href":"https:\/\/daikinshop.mk\/al\/wp-json\/wp\/v2\/pages\/278304\/revisions"}],"predecessor-version":[{"id":278868,"href":"https:\/\/daikinshop.mk\/al\/wp-json\/wp\/v2\/pages\/278304\/revisions\/278868"}],"wp:attachment":[{"href":"https:\/\/daikinshop.mk\/al\/wp-json\/wp\/v2\/media?parent=278304"}],"curies":[{"name":"wp","href":"https:\/\/api.w.org\/{rel}","templated":true}]}}